{"id":85,"date":"2018-07-31T10:27:38","date_gmt":"2018-07-31T10:27:38","guid":{"rendered":"https:\/\/www.joonasmphoto.fi\/?page_id=85"},"modified":"2025-02-20T08:31:58","modified_gmt":"2025-02-20T08:31:58","slug":"minusta","status":"publish","type":"page","link":"https:\/\/www.joonasmphoto.fi\/?page_id=85","title":{"rendered":"Minusta"},"content":{"rendered":"\t\t<div data-elementor-type=\"wp-post\" data-elementor-id=\"85\" class=\"elementor elementor-85\">\n\t\t\t\t<div class=\"aux-parallax-section elementor-element elementor-element-6de83e3 e-flex e-con-boxed e-con e-parent\" data-id=\"6de83e3\" data-element_type=\"container\" data-e-type=\"container\">\n\t\t\t\t\t<div class=\"e-con-inner\">\n\t\t<div class=\"elementor-element elementor-element-1ff6239 e-con-full e-flex e-con e-child\" data-id=\"1ff6239\" data-element_type=\"container\" data-e-type=\"container\">\n\t\t\t\t<div class=\"elementor-element elementor-element-98c38bd aux-appear-watch-animation aux-scale-down elementor-widget elementor-widget-aux_image\" data-id=\"98c38bd\" data-element_type=\"widget\" data-e-type=\"widget\" data-widget_type=\"aux_image.default\">\n\t\t\t\t<div class=\"elementor-widget-container\">\n\t\t\t\t\t<section class=\"widget-container aux-widget-image aux-alignnone aux-parent-au0b584889\">\n    <div class=\"aux-media-hint-frame \">\n        <div class=\"aux-media-image \" >\n        \n            \n\n            \n            <img fetchpriority=\"high\" decoding=\"async\" width=\"1536\" height=\"1920\" src=\"data:image\/gif;base64,R0lGODlhAQABAIAAAAAAAP\/\/\/yH5BAEAAAAALAAAAAABAAEAAAIBRAA7\" class=\"aux-attachment aux-featured-image aux-attachment-id-238 aux-preload aux-blank\" alt=\"Joonas M\u00e4ki-Kokkila valokuvaaja joensuu kontiolahti (1 of 1)\" data-ratio=\"0.8\" data-original-w=\"1536\" data-src=\"https:\/\/www.joonasmphoto.fi\/wp-content\/uploads\/2025\/02\/Joonas-Maki-Kokkila-valokuvaaja-joensuu-kontiolahti-1-of-1-scaled.webp\" \/>            \n                <\/div>\n    <\/div>\n\n<\/section><!-- widget-container -->\t\t\t\t<\/div>\n\t\t\t\t<\/div>\n\t\t\t\t<\/div>\n\t\t<div class=\"elementor-element elementor-element-e2d87ec e-con-full e-flex e-con e-child\" data-id=\"e2d87ec\" data-element_type=\"container\" data-e-type=\"container\">\n\t\t\t\t<div class=\"elementor-element elementor-element-152647a aux-appear-watch-animation aux-scale-up elementor-widget elementor-widget-aux_modern_heading\" data-id=\"152647a\" data-element_type=\"widget\" data-e-type=\"widget\" data-widget_type=\"aux_modern_heading.default\">\n\t\t\t\t<div class=\"elementor-widget-container\">\n\t\t\t\t\t<section class=\"aux-widget-modern-heading\">\n            <div class=\"aux-widget-inner\"><h1 class=\"aux-modern-heading-primary\">Minusta<\/h1><div class=\"aux-modern-heading-description\"><p>Olen asuntokuvauksen ammattilainen, kiinteist\u00f6nv\u00e4litt\u00e4j\u00e4 ja yritt\u00e4j\u00e4. Olen kuvannut koteja ja kiinteist\u00f6j\u00e4 ty\u00f6kseni kahdeksan vuoden ajan. Kuvaamiini kohteisiin mahtuu satoja asuntoja, taloja, kes\u00e4m\u00f6kkej\u00e4 ja tontteja ymp\u00e4ri Pohjois-Karjalan maakuntaa. Hy\u00f6dynn\u00e4n ty\u00f6ss\u00e4ni stillkuvausta, ilmakuvausta ja kehittynytt\u00e4 3D-kuvausta.<\/p><p>Hiljattain olen tutustunut henkil\u00f6kuvauksen maailmaan ja harjoitellut studiokuvauksen perusteita sek\u00e4 kuvaan mielell\u00e4ni niin lapsia kuin aikuisia.<\/p><p>Tervetuloa kuvattavaksi!<\/p><p>Joonas M\u00e4ki-Kokkila<\/p><p>joonas@joensuunkotimaisema.fi<\/p><p><a href=\"tel:0402206469\">0402206469<\/a><\/p><p><a href=\"https:\/\/www.instagram.com\/joonasmlkv\/\">Instagram<\/a><\/p><\/div><\/div>\n        <\/section>\t\t\t\t<\/div>\n\t\t\t\t<\/div>\n\t\t\t\t<\/div>\n\t\t\t\t\t<\/div>\n\t\t\t\t<\/div>\n\t\t\t\t<\/div>\n\t\t","protected":false},"excerpt":{"rendered":"<p>Minusta Olen asuntokuvauksen ammattilainen, kiinteist\u00f6nv\u00e4litt\u00e4j\u00e4 ja yritt\u00e4j\u00e4. Olen kuvannut koteja ja kiinteist\u00f6j\u00e4 ty\u00f6kseni kahdeksan vuoden ajan. Kuvaamiini kohteisiin mahtuu satoja asuntoja, taloja, kes\u00e4m\u00f6kkej\u00e4 ja tontteja ymp\u00e4ri Pohjois-Karjalan maakuntaa. Hy\u00f6dynn\u00e4n ty\u00f6ss\u00e4ni stillkuvausta, ilmakuvausta ja kehittynytt\u00e4 3D-kuvausta. Hiljattain olen tutustunut henkil\u00f6kuvauksen maailmaan ja harjoitellut studiokuvauksen perusteita sek\u00e4 kuvaan mielell\u00e4ni niin lapsia kuin aikuisia. Tervetuloa kuvattavaksi! Joonas M\u00e4ki-Kokkila [&hellip;]<\/p>\n","protected":false},"author":1,"featured_media":0,"parent":0,"menu_order":0,"comment_status":"closed","ping_status":"closed","template":"templates\/page-builder-content.php","meta":{"footnotes":""},"class_list":["post-85","page","type-page","status-publish","hentry"],"_links":{"self":[{"href":"https:\/\/www.joonasmphoto.fi\/index.php?rest_route=\/wp\/v2\/pages\/85","targetHints":{"allow":["GET"]}}],"collection":[{"href":"https:\/\/www.joonasmphoto.fi\/index.php?rest_route=\/wp\/v2\/pages"}],"about":[{"href":"https:\/\/www.joonasmphoto.fi\/index.php?rest_route=\/wp\/v2\/types\/page"}],"author":[{"embeddable":true,"href":"https:\/\/www.joonasmphoto.fi\/index.php?rest_route=\/wp\/v2\/users\/1"}],"replies":[{"embeddable":true,"href":"https:\/\/www.joonasmphoto.fi\/index.php?rest_route=%2Fwp%2Fv2%2Fcomments&post=85"}],"version-history":[{"count":13,"href":"https:\/\/www.joonasmphoto.fi\/index.php?rest_route=\/wp\/v2\/pages\/85\/revisions"}],"predecessor-version":[{"id":372,"href":"https:\/\/www.joonasmphoto.fi\/index.php?rest_route=\/wp\/v2\/pages\/85\/revisions\/372"}],"wp:attachment":[{"href":"https:\/\/www.joonasmphoto.fi\/index.php?rest_route=%2Fwp%2Fv2%2Fmedia&parent=85"}],"curies":[{"name":"wp","href":"https:\/\/api.w.org\/{rel}","templated":true}]}}